{"id":2478,"date":"2024-02-23T15:10:33","date_gmt":"2024-02-23T18:10:33","guid":{"rendered":"https:\/\/environpact.com\/?post_type=equipe&#038;p=2478"},"modified":"2025-01-24T21:00:39","modified_gmt":"2025-01-25T00:00:39","slug":"ana-lyra","status":"publish","type":"equipe","link":"https:\/\/environpact.com\/es\/equipe\/ana-lyra\/","title":{"rendered":"ANA LYRA"},"content":{"rendered":"\n<p>Ana Lyra es ingeniera ambiental, con maestr\u00eda en Ingenier\u00eda Oce\u00e1nica y maestr\u00eda en Liderazgo y Gesti\u00f3n de Personas. Ana cuenta con m\u00e1s de 15 a\u00f1os de experiencia profesional, desempe\u00f1ando puestos directivos en las \u00e1reas de Medio Ambiente, Gesti\u00f3n de Emergencias y Crisis, y Sostenibilidad. Ingres\u00f3 al grupo OceanPact en 2011, donde estuvo a cargo de implementar sistemas que involucraron cambio cultural en grandes clientes, como Petrobras y Vale, lider\u00f3 equipos en la gesti\u00f3n de emergencias de importancia nacional, adem\u00e1s de estar a cargo de la construcci\u00f3n del Departamento Corporativo de Sostenibilidad en la empresa. Actualmente es responsable del Departamento de Sostenibilidad, que engloba los diversos servicios relacionados con este tema, en escenarios de diferentes niveles de madurez, as\u00ed como estudios y proyectos ambientales vinculados a procesos de licenciamiento.<\/p>\n","protected":false},"featured_media":2023,"template":"","class_list":["post-2478","equipe","type-equipe","status-publish","has-post-thumbnail","hentry"],"acf":[],"yoast_head":"<!-- This site is optimized with the Yoast SEO plugin v24.5 - https:\/\/yoast.com\/wordpress\/plugins\/seo\/ -->\n<title>ANA LYRA - EnvironPact<\/title>\n<meta name=\"robots\" content=\"index, follow, max-snippet:-1, max-image-preview:large, max-video-preview:-1\" \/>\n<link rel=\"canonical\" href=\"https:\/\/environpact.com\/es\/equipe\/ana-lyra\/\" \/>\n<meta property=\"og:locale\" content=\"es_ES\" \/>\n<meta property=\"og:type\" content=\"article\" \/>\n<meta property=\"og:title\" content=\"ANA LYRA - EnvironPact\" \/>\n<meta property=\"og:description\" content=\"Ana Lyra es ingeniera ambiental, con maestr\u00eda en Ingenier\u00eda Oce\u00e1nica y maestr\u00eda en Liderazgo y Gesti\u00f3n de Personas. Ana cuenta con m\u00e1s de 15 a\u00f1os de experiencia profesional, desempe\u00f1ando puestos directivos en las \u00e1reas de Medio Ambiente, Gesti\u00f3n de Emergencias y Crisis, y Sostenibilidad. Ingres\u00f3 al grupo OceanPact en 2011, donde estuvo a cargo de\u2026\" \/>\n<meta property=\"og:url\" content=\"https:\/\/environpact.com\/es\/equipe\/ana-lyra\/\" \/>\n<meta property=\"og:site_name\" content=\"EnvironPact\" \/>\n<meta property=\"article:modified_time\" content=\"2025-01-25T00:00:39+00:00\" \/>\n<meta property=\"og:image\" content=\"https:\/\/environpact.com\/wp-content\/uploads\/2024\/02\/ana-lyra.jpg\" \/>\n\t<meta property=\"og:image:width\" content=\"261\" \/>\n\t<meta property=\"og:image:height\" content=\"260\" \/>\n\t<meta property=\"og:image:type\" content=\"image\/jpeg\" \/>\n<meta name=\"twitter:card\" content=\"summary_large_image\" \/>\n<meta name=\"twitter:label1\" content=\"Tiempo de lectura\" \/>\n\t<meta name=\"twitter:data1\" content=\"1 minuto\" \/>\n<script type=\"application\/ld+json\" class=\"yoast-schema-graph\">{\"@context\":\"https:\/\/schema.org\",\"@graph\":[{\"@type\":\"WebPage\",\"@id\":\"https:\/\/environpact.com\/es\/equipe\/ana-lyra\/\",\"url\":\"https:\/\/environpact.com\/es\/equipe\/ana-lyra\/\",\"name\":\"ANA LYRA - EnvironPact\",\"isPartOf\":{\"@id\":\"https:\/\/environpact.com\/es\/#website\"},\"primaryImageOfPage\":{\"@id\":\"https:\/\/environpact.com\/es\/equipe\/ana-lyra\/#primaryimage\"},\"image\":{\"@id\":\"https:\/\/environpact.com\/es\/equipe\/ana-lyra\/#primaryimage\"},\"thumbnailUrl\":\"https:\/\/environpact.com\/wp-content\/uploads\/2024\/02\/ana-lyra.jpg\",\"datePublished\":\"2024-02-23T18:10:33+00:00\",\"dateModified\":\"2025-01-25T00:00:39+00:00\",\"breadcrumb\":{\"@id\":\"https:\/\/environpact.com\/es\/equipe\/ana-lyra\/#breadcrumb\"},\"inLanguage\":\"es\",\"potentialAction\":[{\"@type\":\"ReadAction\",\"target\":[\"https:\/\/environpact.com\/es\/equipe\/ana-lyra\/\"]}]},{\"@type\":\"ImageObject\",\"inLanguage\":\"es\",\"@id\":\"https:\/\/environpact.com\/es\/equipe\/ana-lyra\/#primaryimage\",\"url\":\"https:\/\/environpact.com\/wp-content\/uploads\/2024\/02\/ana-lyra.jpg\",\"contentUrl\":\"https:\/\/environpact.com\/wp-content\/uploads\/2024\/02\/ana-lyra.jpg\",\"width\":261,\"height\":260},{\"@type\":\"BreadcrumbList\",\"@id\":\"https:\/\/environpact.com\/es\/equipe\/ana-lyra\/#breadcrumb\",\"itemListElement\":[{\"@type\":\"ListItem\",\"position\":1,\"name\":\"In\u00edcio\",\"item\":\"https:\/\/environpact.com\/es\/\"},{\"@type\":\"ListItem\",\"position\":2,\"name\":\"ANA LYRA\"}]},{\"@type\":\"WebSite\",\"@id\":\"https:\/\/environpact.com\/es\/#website\",\"url\":\"https:\/\/environpact.com\/es\/\",\"name\":\"EnvironPact\",\"description\":\"Servi\u00e7os de consultoria t\u00e9cnica para impacto positivo nas \u00e1reas de Sustentabilidade, Risco e Seguran\u00e7a Operacional e Resili\u00eancia\",\"publisher\":{\"@id\":\"https:\/\/environpact.com\/es\/#organization\"},\"potentialAction\":[{\"@type\":\"SearchAction\",\"target\":{\"@type\":\"EntryPoint\",\"urlTemplate\":\"https:\/\/environpact.com\/es\/?s={search_term_string}\"},\"query-input\":{\"@type\":\"PropertyValueSpecification\",\"valueRequired\":true,\"valueName\":\"search_term_string\"}}],\"inLanguage\":\"es\"},{\"@type\":\"Organization\",\"@id\":\"https:\/\/environpact.com\/es\/#organization\",\"name\":\"EnvironPact\",\"url\":\"https:\/\/environpact.com\/es\/\",\"logo\":{\"@type\":\"ImageObject\",\"inLanguage\":\"es\",\"@id\":\"https:\/\/environpact.com\/es\/#\/schema\/logo\/image\/\",\"url\":\"https:\/\/environpact.com\/wp-content\/uploads\/2024\/02\/logo-environpact-green.svg\",\"contentUrl\":\"https:\/\/environpact.com\/wp-content\/uploads\/2024\/02\/logo-environpact-green.svg\",\"width\":153,\"height\":53,\"caption\":\"EnvironPact\"},\"image\":{\"@id\":\"https:\/\/environpact.com\/es\/#\/schema\/logo\/image\/\"}}]}<\/script>\n<!-- \/ Yoast SEO plugin. -->","yoast_head_json":{"title":"ANA LYRA - EnvironPact","robots":{"index":"index","follow":"follow","max-snippet":"max-snippet:-1","max-image-preview":"max-image-preview:large","max-video-preview":"max-video-preview:-1"},"canonical":"https:\/\/environpact.com\/es\/equipe\/ana-lyra\/","og_locale":"es_ES","og_type":"article","og_title":"ANA LYRA - EnvironPact","og_description":"Ana Lyra es ingeniera ambiental, con maestr\u00eda en Ingenier\u00eda Oce\u00e1nica y maestr\u00eda en Liderazgo y Gesti\u00f3n de Personas. Ana cuenta con m\u00e1s de 15 a\u00f1os de experiencia profesional, desempe\u00f1ando puestos directivos en las \u00e1reas de Medio Ambiente, Gesti\u00f3n de Emergencias y Crisis, y Sostenibilidad. Ingres\u00f3 al grupo OceanPact en 2011, donde estuvo a cargo de\u2026","og_url":"https:\/\/environpact.com\/es\/equipe\/ana-lyra\/","og_site_name":"EnvironPact","article_modified_time":"2025-01-25T00:00:39+00:00","og_image":[{"width":261,"height":260,"url":"https:\/\/environpact.com\/wp-content\/uploads\/2024\/02\/ana-lyra.jpg","type":"image\/jpeg"}],"twitter_card":"summary_large_image","twitter_misc":{"Tiempo de lectura":"1 minuto"},"schema":{"@context":"https:\/\/schema.org","@graph":[{"@type":"WebPage","@id":"https:\/\/environpact.com\/es\/equipe\/ana-lyra\/","url":"https:\/\/environpact.com\/es\/equipe\/ana-lyra\/","name":"ANA LYRA - EnvironPact","isPartOf":{"@id":"https:\/\/environpact.com\/es\/#website"},"primaryImageOfPage":{"@id":"https:\/\/environpact.com\/es\/equipe\/ana-lyra\/#primaryimage"},"image":{"@id":"https:\/\/environpact.com\/es\/equipe\/ana-lyra\/#primaryimage"},"thumbnailUrl":"https:\/\/environpact.com\/wp-content\/uploads\/2024\/02\/ana-lyra.jpg","datePublished":"2024-02-23T18:10:33+00:00","dateModified":"2025-01-25T00:00:39+00:00","breadcrumb":{"@id":"https:\/\/environpact.com\/es\/equipe\/ana-lyra\/#breadcrumb"},"inLanguage":"es","potentialAction":[{"@type":"ReadAction","target":["https:\/\/environpact.com\/es\/equipe\/ana-lyra\/"]}]},{"@type":"ImageObject","inLanguage":"es","@id":"https:\/\/environpact.com\/es\/equipe\/ana-lyra\/#primaryimage","url":"https:\/\/environpact.com\/wp-content\/uploads\/2024\/02\/ana-lyra.jpg","contentUrl":"https:\/\/environpact.com\/wp-content\/uploads\/2024\/02\/ana-lyra.jpg","width":261,"height":260},{"@type":"BreadcrumbList","@id":"https:\/\/environpact.com\/es\/equipe\/ana-lyra\/#breadcrumb","itemListElement":[{"@type":"ListItem","position":1,"name":"In\u00edcio","item":"https:\/\/environpact.com\/es\/"},{"@type":"ListItem","position":2,"name":"ANA LYRA"}]},{"@type":"WebSite","@id":"https:\/\/environpact.com\/es\/#website","url":"https:\/\/environpact.com\/es\/","name":"EnvironPact","description":"Servi\u00e7os de consultoria t\u00e9cnica para impacto positivo nas \u00e1reas de Sustentabilidade, Risco e Seguran\u00e7a Operacional e Resili\u00eancia","publisher":{"@id":"https:\/\/environpact.com\/es\/#organization"},"potentialAction":[{"@type":"SearchAction","target":{"@type":"EntryPoint","urlTemplate":"https:\/\/environpact.com\/es\/?s={search_term_string}"},"query-input":{"@type":"PropertyValueSpecification","valueRequired":true,"valueName":"search_term_string"}}],"inLanguage":"es"},{"@type":"Organization","@id":"https:\/\/environpact.com\/es\/#organization","name":"EnvironPact","url":"https:\/\/environpact.com\/es\/","logo":{"@type":"ImageObject","inLanguage":"es","@id":"https:\/\/environpact.com\/es\/#\/schema\/logo\/image\/","url":"https:\/\/environpact.com\/wp-content\/uploads\/2024\/02\/logo-environpact-green.svg","contentUrl":"https:\/\/environpact.com\/wp-content\/uploads\/2024\/02\/logo-environpact-green.svg","width":153,"height":53,"caption":"EnvironPact"},"image":{"@id":"https:\/\/environpact.com\/es\/#\/schema\/logo\/image\/"}}]}},"_links":{"self":[{"href":"https:\/\/environpact.com\/es\/wp-json\/wp\/v2\/equipe\/2478","targetHints":{"allow":["GET"]}}],"collection":[{"href":"https:\/\/environpact.com\/es\/wp-json\/wp\/v2\/equipe"}],"about":[{"href":"https:\/\/environpact.com\/es\/wp-json\/wp\/v2\/types\/equipe"}],"wp:featuredmedia":[{"embeddable":true,"href":"https:\/\/environpact.com\/es\/wp-json\/wp\/v2\/media\/2023"}],"wp:attachment":[{"href":"https:\/\/environpact.com\/es\/wp-json\/wp\/v2\/media?parent=2478"}],"curies":[{"name":"wp","href":"https:\/\/api.w.org\/{rel}","templated":true}]}}