{"id":2484,"date":"2024-02-23T15:15:23","date_gmt":"2024-02-23T18:15:23","guid":{"rendered":"https:\/\/environpact.com\/?post_type=equipe&#038;p=2484"},"modified":"2025-01-24T21:13:49","modified_gmt":"2025-01-25T00:13:49","slug":"anna-gomide","status":"publish","type":"equipe","link":"https:\/\/environpact.com\/es\/equipe\/anna-gomide\/","title":{"rendered":"ANNA GOMIDE"},"content":{"rendered":"\n<p>Anna Gomide es periodista, con posgrado en Comunicaci\u00f3n Institucional y especializaci\u00f3n en Marketing Digital por la George Washington Business School. Se desempe\u00f1a en el \u00e1rea de Comunicaciones Corporativas desde hace m\u00e1s de 15 a\u00f1os, con experiencia en los sectores de Energ\u00eda, Infraestructura, Econom\u00eda y Gobierno. Especialista en gesti\u00f3n de crisis comunicativas, comunicaci\u00f3n 360\u00ba, relaciones con la prensa, formaci\u00f3n ejecutiva, redes sociales, comunicaci\u00f3n de grandes eventos, informes anal\u00edticos y comunicaci\u00f3n interna. Desarroll\u00e9 Planes Estrat\u00e9gicos de Comunicaci\u00f3n, Manuales de Comunicaci\u00f3n de Crisis, propuestas de comunicaci\u00f3n para licitaciones y concursos privados, capacitaci\u00f3n en respuesta a crisis de comunicaci\u00f3n y capacitaci\u00f3n de medios, y difund\u00ed eventos de gran escala como Rio Oil&amp;Gas y la Copa Mundial de la FIFA Brasil 2014 en crisis de comunicaci\u00f3n para empresas petroleras. sector al que dedic\u00f3 la mayor parte de su carrera. En EnvironPact Sustenabilidade e Resili\u00eancia es responsable del sector de Comunicaci\u00f3n de la empresa y trabaja en el desarrollo de productos de comunicaci\u00f3n de crisis, coordinaci\u00f3n de comunicaci\u00f3n de crisis, comunicaci\u00f3n institucional, comunicaci\u00f3n externa y redes sociales.<\/p>\n","protected":false},"featured_media":2025,"template":"","class_list":["post-2484","equipe","type-equipe","status-publish","has-post-thumbnail","hentry"],"acf":[],"yoast_head":"<!-- This site is optimized with the Yoast SEO plugin v24.5 - https:\/\/yoast.com\/wordpress\/plugins\/seo\/ -->\n<title>ANNA GOMIDE - EnvironPact<\/title>\n<meta name=\"robots\" content=\"index, follow, max-snippet:-1, max-image-preview:large, max-video-preview:-1\" \/>\n<link rel=\"canonical\" href=\"https:\/\/environpact.com\/es\/equipe\/anna-gomide\/\" \/>\n<meta property=\"og:locale\" content=\"es_ES\" \/>\n<meta property=\"og:type\" content=\"article\" \/>\n<meta property=\"og:title\" content=\"ANNA GOMIDE - EnvironPact\" \/>\n<meta property=\"og:description\" content=\"Anna Gomide es periodista, con posgrado en Comunicaci\u00f3n Institucional y especializaci\u00f3n en Marketing Digital por la George Washington Business School. Se desempe\u00f1a en el \u00e1rea de Comunicaciones Corporativas desde hace m\u00e1s de 15 a\u00f1os, con experiencia en los sectores de Energ\u00eda, Infraestructura, Econom\u00eda y Gobierno. Especialista en gesti\u00f3n de crisis comunicativas, comunicaci\u00f3n 360\u00ba, relaciones con\u2026\" \/>\n<meta property=\"og:url\" content=\"https:\/\/environpact.com\/es\/equipe\/anna-gomide\/\" \/>\n<meta property=\"og:site_name\" content=\"EnvironPact\" \/>\n<meta property=\"article:modified_time\" content=\"2025-01-25T00:13:49+00:00\" \/>\n<meta property=\"og:image\" content=\"https:\/\/environpact.com\/wp-content\/uploads\/2024\/02\/anna-gomide.jpg\" \/>\n\t<meta property=\"og:image:width\" content=\"261\" \/>\n\t<meta property=\"og:image:height\" content=\"260\" \/>\n\t<meta property=\"og:image:type\" content=\"image\/jpeg\" \/>\n<meta name=\"twitter:card\" content=\"summary_large_image\" \/>\n<meta name=\"twitter:label1\" content=\"Tiempo de lectura\" \/>\n\t<meta name=\"twitter:data1\" content=\"1 minuto\" \/>\n<script type=\"application\/ld+json\" class=\"yoast-schema-graph\">{\"@context\":\"https:\/\/schema.org\",\"@graph\":[{\"@type\":\"WebPage\",\"@id\":\"https:\/\/environpact.com\/es\/equipe\/anna-gomide\/\",\"url\":\"https:\/\/environpact.com\/es\/equipe\/anna-gomide\/\",\"name\":\"ANNA GOMIDE - EnvironPact\",\"isPartOf\":{\"@id\":\"https:\/\/environpact.com\/es\/#website\"},\"primaryImageOfPage\":{\"@id\":\"https:\/\/environpact.com\/es\/equipe\/anna-gomide\/#primaryimage\"},\"image\":{\"@id\":\"https:\/\/environpact.com\/es\/equipe\/anna-gomide\/#primaryimage\"},\"thumbnailUrl\":\"https:\/\/environpact.com\/wp-content\/uploads\/2024\/02\/anna-gomide.jpg\",\"datePublished\":\"2024-02-23T18:15:23+00:00\",\"dateModified\":\"2025-01-25T00:13:49+00:00\",\"breadcrumb\":{\"@id\":\"https:\/\/environpact.com\/es\/equipe\/anna-gomide\/#breadcrumb\"},\"inLanguage\":\"es\",\"potentialAction\":[{\"@type\":\"ReadAction\",\"target\":[\"https:\/\/environpact.com\/es\/equipe\/anna-gomide\/\"]}]},{\"@type\":\"ImageObject\",\"inLanguage\":\"es\",\"@id\":\"https:\/\/environpact.com\/es\/equipe\/anna-gomide\/#primaryimage\",\"url\":\"https:\/\/environpact.com\/wp-content\/uploads\/2024\/02\/anna-gomide.jpg\",\"contentUrl\":\"https:\/\/environpact.com\/wp-content\/uploads\/2024\/02\/anna-gomide.jpg\",\"width\":261,\"height\":260},{\"@type\":\"BreadcrumbList\",\"@id\":\"https:\/\/environpact.com\/es\/equipe\/anna-gomide\/#breadcrumb\",\"itemListElement\":[{\"@type\":\"ListItem\",\"position\":1,\"name\":\"In\u00edcio\",\"item\":\"https:\/\/environpact.com\/es\/\"},{\"@type\":\"ListItem\",\"position\":2,\"name\":\"ANNA GOMIDE\"}]},{\"@type\":\"WebSite\",\"@id\":\"https:\/\/environpact.com\/es\/#website\",\"url\":\"https:\/\/environpact.com\/es\/\",\"name\":\"EnvironPact\",\"description\":\"Servi\u00e7os de consultoria t\u00e9cnica para impacto positivo nas \u00e1reas de Sustentabilidade, Risco e Seguran\u00e7a Operacional e Resili\u00eancia\",\"publisher\":{\"@id\":\"https:\/\/environpact.com\/es\/#organization\"},\"potentialAction\":[{\"@type\":\"SearchAction\",\"target\":{\"@type\":\"EntryPoint\",\"urlTemplate\":\"https:\/\/environpact.com\/es\/?s={search_term_string}\"},\"query-input\":{\"@type\":\"PropertyValueSpecification\",\"valueRequired\":true,\"valueName\":\"search_term_string\"}}],\"inLanguage\":\"es\"},{\"@type\":\"Organization\",\"@id\":\"https:\/\/environpact.com\/es\/#organization\",\"name\":\"EnvironPact\",\"url\":\"https:\/\/environpact.com\/es\/\",\"logo\":{\"@type\":\"ImageObject\",\"inLanguage\":\"es\",\"@id\":\"https:\/\/environpact.com\/es\/#\/schema\/logo\/image\/\",\"url\":\"https:\/\/environpact.com\/wp-content\/uploads\/2024\/02\/logo-environpact-green.svg\",\"contentUrl\":\"https:\/\/environpact.com\/wp-content\/uploads\/2024\/02\/logo-environpact-green.svg\",\"width\":153,\"height\":53,\"caption\":\"EnvironPact\"},\"image\":{\"@id\":\"https:\/\/environpact.com\/es\/#\/schema\/logo\/image\/\"}}]}<\/script>\n<!-- \/ Yoast SEO plugin. -->","yoast_head_json":{"title":"ANNA GOMIDE - EnvironPact","robots":{"index":"index","follow":"follow","max-snippet":"max-snippet:-1","max-image-preview":"max-image-preview:large","max-video-preview":"max-video-preview:-1"},"canonical":"https:\/\/environpact.com\/es\/equipe\/anna-gomide\/","og_locale":"es_ES","og_type":"article","og_title":"ANNA GOMIDE - EnvironPact","og_description":"Anna Gomide es periodista, con posgrado en Comunicaci\u00f3n Institucional y especializaci\u00f3n en Marketing Digital por la George Washington Business School. Se desempe\u00f1a en el \u00e1rea de Comunicaciones Corporativas desde hace m\u00e1s de 15 a\u00f1os, con experiencia en los sectores de Energ\u00eda, Infraestructura, Econom\u00eda y Gobierno. Especialista en gesti\u00f3n de crisis comunicativas, comunicaci\u00f3n 360\u00ba, relaciones con\u2026","og_url":"https:\/\/environpact.com\/es\/equipe\/anna-gomide\/","og_site_name":"EnvironPact","article_modified_time":"2025-01-25T00:13:49+00:00","og_image":[{"width":261,"height":260,"url":"https:\/\/environpact.com\/wp-content\/uploads\/2024\/02\/anna-gomide.jpg","type":"image\/jpeg"}],"twitter_card":"summary_large_image","twitter_misc":{"Tiempo de lectura":"1 minuto"},"schema":{"@context":"https:\/\/schema.org","@graph":[{"@type":"WebPage","@id":"https:\/\/environpact.com\/es\/equipe\/anna-gomide\/","url":"https:\/\/environpact.com\/es\/equipe\/anna-gomide\/","name":"ANNA GOMIDE - EnvironPact","isPartOf":{"@id":"https:\/\/environpact.com\/es\/#website"},"primaryImageOfPage":{"@id":"https:\/\/environpact.com\/es\/equipe\/anna-gomide\/#primaryimage"},"image":{"@id":"https:\/\/environpact.com\/es\/equipe\/anna-gomide\/#primaryimage"},"thumbnailUrl":"https:\/\/environpact.com\/wp-content\/uploads\/2024\/02\/anna-gomide.jpg","datePublished":"2024-02-23T18:15:23+00:00","dateModified":"2025-01-25T00:13:49+00:00","breadcrumb":{"@id":"https:\/\/environpact.com\/es\/equipe\/anna-gomide\/#breadcrumb"},"inLanguage":"es","potentialAction":[{"@type":"ReadAction","target":["https:\/\/environpact.com\/es\/equipe\/anna-gomide\/"]}]},{"@type":"ImageObject","inLanguage":"es","@id":"https:\/\/environpact.com\/es\/equipe\/anna-gomide\/#primaryimage","url":"https:\/\/environpact.com\/wp-content\/uploads\/2024\/02\/anna-gomide.jpg","contentUrl":"https:\/\/environpact.com\/wp-content\/uploads\/2024\/02\/anna-gomide.jpg","width":261,"height":260},{"@type":"BreadcrumbList","@id":"https:\/\/environpact.com\/es\/equipe\/anna-gomide\/#breadcrumb","itemListElement":[{"@type":"ListItem","position":1,"name":"In\u00edcio","item":"https:\/\/environpact.com\/es\/"},{"@type":"ListItem","position":2,"name":"ANNA GOMIDE"}]},{"@type":"WebSite","@id":"https:\/\/environpact.com\/es\/#website","url":"https:\/\/environpact.com\/es\/","name":"EnvironPact","description":"Servi\u00e7os de consultoria t\u00e9cnica para impacto positivo nas \u00e1reas de Sustentabilidade, Risco e Seguran\u00e7a Operacional e Resili\u00eancia","publisher":{"@id":"https:\/\/environpact.com\/es\/#organization"},"potentialAction":[{"@type":"SearchAction","target":{"@type":"EntryPoint","urlTemplate":"https:\/\/environpact.com\/es\/?s={search_term_string}"},"query-input":{"@type":"PropertyValueSpecification","valueRequired":true,"valueName":"search_term_string"}}],"inLanguage":"es"},{"@type":"Organization","@id":"https:\/\/environpact.com\/es\/#organization","name":"EnvironPact","url":"https:\/\/environpact.com\/es\/","logo":{"@type":"ImageObject","inLanguage":"es","@id":"https:\/\/environpact.com\/es\/#\/schema\/logo\/image\/","url":"https:\/\/environpact.com\/wp-content\/uploads\/2024\/02\/logo-environpact-green.svg","contentUrl":"https:\/\/environpact.com\/wp-content\/uploads\/2024\/02\/logo-environpact-green.svg","width":153,"height":53,"caption":"EnvironPact"},"image":{"@id":"https:\/\/environpact.com\/es\/#\/schema\/logo\/image\/"}}]}},"_links":{"self":[{"href":"https:\/\/environpact.com\/es\/wp-json\/wp\/v2\/equipe\/2484","targetHints":{"allow":["GET"]}}],"collection":[{"href":"https:\/\/environpact.com\/es\/wp-json\/wp\/v2\/equipe"}],"about":[{"href":"https:\/\/environpact.com\/es\/wp-json\/wp\/v2\/types\/equipe"}],"wp:featuredmedia":[{"embeddable":true,"href":"https:\/\/environpact.com\/es\/wp-json\/wp\/v2\/media\/2025"}],"wp:attachment":[{"href":"https:\/\/environpact.com\/es\/wp-json\/wp\/v2\/media?parent=2484"}],"curies":[{"name":"wp","href":"https:\/\/api.w.org\/{rel}","templated":true}]}}