{"id":2506,"date":"2024-07-08T17:00:17","date_gmt":"2024-07-08T20:00:17","guid":{"rendered":"https:\/\/environpact.com\/?post_type=equipe&#038;p=2506"},"modified":"2025-01-24T21:31:50","modified_gmt":"2025-01-25T00:31:50","slug":"tadeu-de-oliveira","status":"publish","type":"equipe","link":"https:\/\/environpact.com\/es\/equipe\/tadeu-de-oliveira\/","title":{"rendered":"TADEU DE OLIVEIRA"},"content":{"rendered":"\n<p>Tadeu Oliveira tiene un MBA en Gesti\u00f3n Ambiental y una licenciatura en Biolog\u00eda. Es Oficial de Reserva de la Armada de Brasil, donde se desempe\u00f1\u00f3 en la Superintendencia Ambiental de la Direcci\u00f3n de Puertos y Costas. Durante este per\u00edodo, fue responsable de la Divisi\u00f3n de Informes T\u00e9cnicos Ambientales en casos de contaminaci\u00f3n por hidrocarburos en Aguas Jurisdiccionales Brasile\u00f1as. Particip\u00f3 en la capacitaci\u00f3n ofrecida por ITOPF (International Petrolero Propietarios Federaci\u00f3n de Contaminaci\u00f3n) y form\u00f3 parte del equipo de vuelo log\u00edstico XXX OPERANTAR, cuyo objetivo era monitorear la contaminaci\u00f3n por petr\u00f3leo en un naufragio en la Ant\u00e1rtida. Con su amplio conocimiento en el \u00e1rea, Tadeu fue responsable de capacitaciones en varias Capitan\u00edas de Puertos de todo Brasil, orientando a las tripulaciones sobre c\u00f3mo proceder en casos de contaminaci\u00f3n por hidrocarburos.<\/p>\n","protected":false},"featured_media":2251,"template":"","class_list":["post-2506","equipe","type-equipe","status-publish","has-post-thumbnail","hentry"],"acf":[],"yoast_head":"<!-- This site is optimized with the Yoast SEO plugin v24.5 - https:\/\/yoast.com\/wordpress\/plugins\/seo\/ -->\n<title>TADEU DE OLIVEIRA - EnvironPact<\/title>\n<meta name=\"robots\" content=\"index, follow, max-snippet:-1, max-image-preview:large, max-video-preview:-1\" \/>\n<link rel=\"canonical\" href=\"https:\/\/environpact.com\/es\/equipe\/tadeu-de-oliveira\/\" \/>\n<meta property=\"og:locale\" content=\"es_ES\" \/>\n<meta property=\"og:type\" content=\"article\" \/>\n<meta property=\"og:title\" content=\"TADEU DE OLIVEIRA - EnvironPact\" \/>\n<meta property=\"og:description\" content=\"Tadeu Oliveira tiene un MBA en Gesti\u00f3n Ambiental y una licenciatura en Biolog\u00eda. Es Oficial de Reserva de la Armada de Brasil, donde se desempe\u00f1\u00f3 en la Superintendencia Ambiental de la Direcci\u00f3n de Puertos y Costas. Durante este per\u00edodo, fue responsable de la Divisi\u00f3n de Informes T\u00e9cnicos Ambientales en casos de contaminaci\u00f3n por hidrocarburos en\u2026\" \/>\n<meta property=\"og:url\" content=\"https:\/\/environpact.com\/es\/equipe\/tadeu-de-oliveira\/\" \/>\n<meta property=\"og:site_name\" content=\"EnvironPact\" \/>\n<meta property=\"article:modified_time\" content=\"2025-01-25T00:31:50+00:00\" \/>\n<meta property=\"og:image\" content=\"https:\/\/environpact.com\/wp-content\/uploads\/2024\/07\/tadeu-oliveira_02-scaled-e1720468803507.jpg\" \/>\n\t<meta property=\"og:image:width\" content=\"1709\" \/>\n\t<meta property=\"og:image:height\" content=\"1710\" \/>\n\t<meta property=\"og:image:type\" content=\"image\/jpeg\" \/>\n<meta name=\"twitter:card\" content=\"summary_large_image\" \/>\n<meta name=\"twitter:label1\" content=\"Tiempo de lectura\" \/>\n\t<meta name=\"twitter:data1\" content=\"1 minuto\" \/>\n<script type=\"application\/ld+json\" class=\"yoast-schema-graph\">{\"@context\":\"https:\/\/schema.org\",\"@graph\":[{\"@type\":\"WebPage\",\"@id\":\"https:\/\/environpact.com\/es\/equipe\/tadeu-de-oliveira\/\",\"url\":\"https:\/\/environpact.com\/es\/equipe\/tadeu-de-oliveira\/\",\"name\":\"TADEU DE OLIVEIRA - EnvironPact\",\"isPartOf\":{\"@id\":\"https:\/\/environpact.com\/es\/#website\"},\"primaryImageOfPage\":{\"@id\":\"https:\/\/environpact.com\/es\/equipe\/tadeu-de-oliveira\/#primaryimage\"},\"image\":{\"@id\":\"https:\/\/environpact.com\/es\/equipe\/tadeu-de-oliveira\/#primaryimage\"},\"thumbnailUrl\":\"https:\/\/environpact.com\/wp-content\/uploads\/2024\/07\/tadeu-oliveira_02-scaled-e1720468803507.jpg\",\"datePublished\":\"2024-07-08T20:00:17+00:00\",\"dateModified\":\"2025-01-25T00:31:50+00:00\",\"breadcrumb\":{\"@id\":\"https:\/\/environpact.com\/es\/equipe\/tadeu-de-oliveira\/#breadcrumb\"},\"inLanguage\":\"es\",\"potentialAction\":[{\"@type\":\"ReadAction\",\"target\":[\"https:\/\/environpact.com\/es\/equipe\/tadeu-de-oliveira\/\"]}]},{\"@type\":\"ImageObject\",\"inLanguage\":\"es\",\"@id\":\"https:\/\/environpact.com\/es\/equipe\/tadeu-de-oliveira\/#primaryimage\",\"url\":\"https:\/\/environpact.com\/wp-content\/uploads\/2024\/07\/tadeu-oliveira_02-scaled-e1720468803507.jpg\",\"contentUrl\":\"https:\/\/environpact.com\/wp-content\/uploads\/2024\/07\/tadeu-oliveira_02-scaled-e1720468803507.jpg\",\"width\":1709,\"height\":1710},{\"@type\":\"BreadcrumbList\",\"@id\":\"https:\/\/environpact.com\/es\/equipe\/tadeu-de-oliveira\/#breadcrumb\",\"itemListElement\":[{\"@type\":\"ListItem\",\"position\":1,\"name\":\"In\u00edcio\",\"item\":\"https:\/\/environpact.com\/es\/\"},{\"@type\":\"ListItem\",\"position\":2,\"name\":\"TADEU DE OLIVEIRA\"}]},{\"@type\":\"WebSite\",\"@id\":\"https:\/\/environpact.com\/es\/#website\",\"url\":\"https:\/\/environpact.com\/es\/\",\"name\":\"EnvironPact\",\"description\":\"Servi\u00e7os de consultoria t\u00e9cnica para impacto positivo nas \u00e1reas de Sustentabilidade, Risco e Seguran\u00e7a Operacional e Resili\u00eancia\",\"publisher\":{\"@id\":\"https:\/\/environpact.com\/es\/#organization\"},\"potentialAction\":[{\"@type\":\"SearchAction\",\"target\":{\"@type\":\"EntryPoint\",\"urlTemplate\":\"https:\/\/environpact.com\/es\/?s={search_term_string}\"},\"query-input\":{\"@type\":\"PropertyValueSpecification\",\"valueRequired\":true,\"valueName\":\"search_term_string\"}}],\"inLanguage\":\"es\"},{\"@type\":\"Organization\",\"@id\":\"https:\/\/environpact.com\/es\/#organization\",\"name\":\"EnvironPact\",\"url\":\"https:\/\/environpact.com\/es\/\",\"logo\":{\"@type\":\"ImageObject\",\"inLanguage\":\"es\",\"@id\":\"https:\/\/environpact.com\/es\/#\/schema\/logo\/image\/\",\"url\":\"https:\/\/environpact.com\/wp-content\/uploads\/2024\/02\/logo-environpact-green.svg\",\"contentUrl\":\"https:\/\/environpact.com\/wp-content\/uploads\/2024\/02\/logo-environpact-green.svg\",\"width\":153,\"height\":53,\"caption\":\"EnvironPact\"},\"image\":{\"@id\":\"https:\/\/environpact.com\/es\/#\/schema\/logo\/image\/\"}}]}<\/script>\n<!-- \/ Yoast SEO plugin. -->","yoast_head_json":{"title":"TADEU DE OLIVEIRA - EnvironPact","robots":{"index":"index","follow":"follow","max-snippet":"max-snippet:-1","max-image-preview":"max-image-preview:large","max-video-preview":"max-video-preview:-1"},"canonical":"https:\/\/environpact.com\/es\/equipe\/tadeu-de-oliveira\/","og_locale":"es_ES","og_type":"article","og_title":"TADEU DE OLIVEIRA - EnvironPact","og_description":"Tadeu Oliveira tiene un MBA en Gesti\u00f3n Ambiental y una licenciatura en Biolog\u00eda. Es Oficial de Reserva de la Armada de Brasil, donde se desempe\u00f1\u00f3 en la Superintendencia Ambiental de la Direcci\u00f3n de Puertos y Costas. Durante este per\u00edodo, fue responsable de la Divisi\u00f3n de Informes T\u00e9cnicos Ambientales en casos de contaminaci\u00f3n por hidrocarburos en\u2026","og_url":"https:\/\/environpact.com\/es\/equipe\/tadeu-de-oliveira\/","og_site_name":"EnvironPact","article_modified_time":"2025-01-25T00:31:50+00:00","og_image":[{"width":1709,"height":1710,"url":"https:\/\/environpact.com\/wp-content\/uploads\/2024\/07\/tadeu-oliveira_02-scaled-e1720468803507.jpg","type":"image\/jpeg"}],"twitter_card":"summary_large_image","twitter_misc":{"Tiempo de lectura":"1 minuto"},"schema":{"@context":"https:\/\/schema.org","@graph":[{"@type":"WebPage","@id":"https:\/\/environpact.com\/es\/equipe\/tadeu-de-oliveira\/","url":"https:\/\/environpact.com\/es\/equipe\/tadeu-de-oliveira\/","name":"TADEU DE OLIVEIRA - EnvironPact","isPartOf":{"@id":"https:\/\/environpact.com\/es\/#website"},"primaryImageOfPage":{"@id":"https:\/\/environpact.com\/es\/equipe\/tadeu-de-oliveira\/#primaryimage"},"image":{"@id":"https:\/\/environpact.com\/es\/equipe\/tadeu-de-oliveira\/#primaryimage"},"thumbnailUrl":"https:\/\/environpact.com\/wp-content\/uploads\/2024\/07\/tadeu-oliveira_02-scaled-e1720468803507.jpg","datePublished":"2024-07-08T20:00:17+00:00","dateModified":"2025-01-25T00:31:50+00:00","breadcrumb":{"@id":"https:\/\/environpact.com\/es\/equipe\/tadeu-de-oliveira\/#breadcrumb"},"inLanguage":"es","potentialAction":[{"@type":"ReadAction","target":["https:\/\/environpact.com\/es\/equipe\/tadeu-de-oliveira\/"]}]},{"@type":"ImageObject","inLanguage":"es","@id":"https:\/\/environpact.com\/es\/equipe\/tadeu-de-oliveira\/#primaryimage","url":"https:\/\/environpact.com\/wp-content\/uploads\/2024\/07\/tadeu-oliveira_02-scaled-e1720468803507.jpg","contentUrl":"https:\/\/environpact.com\/wp-content\/uploads\/2024\/07\/tadeu-oliveira_02-scaled-e1720468803507.jpg","width":1709,"height":1710},{"@type":"BreadcrumbList","@id":"https:\/\/environpact.com\/es\/equipe\/tadeu-de-oliveira\/#breadcrumb","itemListElement":[{"@type":"ListItem","position":1,"name":"In\u00edcio","item":"https:\/\/environpact.com\/es\/"},{"@type":"ListItem","position":2,"name":"TADEU DE OLIVEIRA"}]},{"@type":"WebSite","@id":"https:\/\/environpact.com\/es\/#website","url":"https:\/\/environpact.com\/es\/","name":"EnvironPact","description":"Servi\u00e7os de consultoria t\u00e9cnica para impacto positivo nas \u00e1reas de Sustentabilidade, Risco e Seguran\u00e7a Operacional e Resili\u00eancia","publisher":{"@id":"https:\/\/environpact.com\/es\/#organization"},"potentialAction":[{"@type":"SearchAction","target":{"@type":"EntryPoint","urlTemplate":"https:\/\/environpact.com\/es\/?s={search_term_string}"},"query-input":{"@type":"PropertyValueSpecification","valueRequired":true,"valueName":"search_term_string"}}],"inLanguage":"es"},{"@type":"Organization","@id":"https:\/\/environpact.com\/es\/#organization","name":"EnvironPact","url":"https:\/\/environpact.com\/es\/","logo":{"@type":"ImageObject","inLanguage":"es","@id":"https:\/\/environpact.com\/es\/#\/schema\/logo\/image\/","url":"https:\/\/environpact.com\/wp-content\/uploads\/2024\/02\/logo-environpact-green.svg","contentUrl":"https:\/\/environpact.com\/wp-content\/uploads\/2024\/02\/logo-environpact-green.svg","width":153,"height":53,"caption":"EnvironPact"},"image":{"@id":"https:\/\/environpact.com\/es\/#\/schema\/logo\/image\/"}}]}},"_links":{"self":[{"href":"https:\/\/environpact.com\/es\/wp-json\/wp\/v2\/equipe\/2506","targetHints":{"allow":["GET"]}}],"collection":[{"href":"https:\/\/environpact.com\/es\/wp-json\/wp\/v2\/equipe"}],"about":[{"href":"https:\/\/environpact.com\/es\/wp-json\/wp\/v2\/types\/equipe"}],"wp:featuredmedia":[{"embeddable":true,"href":"https:\/\/environpact.com\/es\/wp-json\/wp\/v2\/media\/2251"}],"wp:attachment":[{"href":"https:\/\/environpact.com\/es\/wp-json\/wp\/v2\/media?parent=2506"}],"curies":[{"name":"wp","href":"https:\/\/api.w.org\/{rel}","templated":true}]}}